{"id":843,"date":"2015-12-30T07:51:25","date_gmt":"2015-12-30T06:51:25","guid":{"rendered":"http:\/\/dossenberger.de\/?page_id=843"},"modified":"2015-12-30T08:14:31","modified_gmt":"2015-12-30T07:14:31","slug":"italienisch","status":"publish","type":"page","link":"https:\/\/dossenberger.de\/?page_id=843","title":{"rendered":"Italienisch"},"content":{"rendered":"<p>Seit dem Schuljahr 2010\/11 bietet das Dossenberger-Gymnasium G\u00fcnzburg mit Italienisch eine weitere moderne Fremdsprache an.<\/p>\n<table>\n<tbody>\n<tr>\n<td><img loading=\"lazy\" decoding=\"async\" class=\"alignleft wp-image-846\" src=\"https:\/\/dossenberger.de\/wp-content\/uploads\/2015\/12\/Klasse10.jpg\" alt=\"Klasse10\" width=\"318\" height=\"211\" srcset=\"https:\/\/dossenberger.de\/wp-content\/uploads\/2015\/12\/Klasse10.jpg 448w, https:\/\/dossenberger.de\/wp-content\/uploads\/2015\/12\/Klasse10-300x199.jpg 300w\" sizes=\"auto, (max-width: 318px) 100vw, 318px\" \/><\/td>\n<td><img loading=\"lazy\" decoding=\"async\" class=\"wp-image-847 alignleft\" src=\"https:\/\/dossenberger.de\/wp-content\/uploads\/2015\/12\/Klasse11.jpg\" alt=\"Klasse11\" width=\"328\" height=\"218\" srcset=\"https:\/\/dossenberger.de\/wp-content\/uploads\/2015\/12\/Klasse11.jpg 448w, https:\/\/dossenberger.de\/wp-content\/uploads\/2015\/12\/Klasse11-300x200.jpg 300w\" sizes=\"auto, (max-width: 328px) 100vw, 328px\" \/><\/td>\n<\/tr>\n<\/tbody>\n<\/table>\n<p>Die Sch\u00fclerinnen und Sch\u00fcler k\u00f6nnen ab der 10. Jahrgangsstufe Italienisch \u00fcber drei Jahre hinweg als eine sp\u00e4teinsetzende Fremdsprache w\u00e4hlen.<\/p>\n<table>\n<tbody>\n<tr>\n<td style=\"text-align: center; vertical-align: middle;\"><img loading=\"lazy\" decoding=\"async\" class=\"alignleft wp-image-849\" src=\"https:\/\/dossenberger.de\/wp-content\/uploads\/2015\/12\/England_klein.jpg\" alt=\"England_klein\" width=\"48\" height=\"32\" \/><\/td>\n<td style=\"text-align: left; vertical-align: middle;\">Languages<\/td>\n<td style=\"text-align: left; vertical-align: middle;\">are<\/td>\n<td style=\"text-align: left; vertical-align: middle;\">important<\/td>\n<td style=\"text-align: left; vertical-align: middle;\">for<\/td>\n<td style=\"text-align: left; vertical-align: middle;\">our<\/td>\n<td style=\"text-align: left; vertical-align: middle;\">lives.<\/td>\n<\/tr>\n<tr>\n<td style=\"text-align: center; vertical-align: middle;\">\u00a0<img loading=\"lazy\" decoding=\"async\" class=\"alignleft wp-image-851\" src=\"https:\/\/dossenberger.de\/wp-content\/uploads\/2015\/12\/lateinisch.jpg\" alt=\"lateinisch\" width=\"36\" height=\"46\" \/><\/td>\n<td style=\"text-align: left; vertical-align: middle;\">Linguae<\/td>\n<td style=\"text-align: left; vertical-align: middle;\" colspan=\"5\">vitae nostrae gravissimae sunt.<\/td>\n<\/tr>\n<tr>\n<td style=\"text-align: center; vertical-align: middle;\"><img loading=\"lazy\" decoding=\"async\" class=\"alignleft wp-image-852\" src=\"https:\/\/dossenberger.de\/wp-content\/uploads\/2015\/12\/Frankreich_klein.jpg\" alt=\"Frankreich_klein\" width=\"46\" height=\"31\" \/><\/td>\n<td style=\"text-align: left; vertical-align: middle;\">Les langues<\/td>\n<td style=\"text-align: left; vertical-align: middle;\">sont<\/td>\n<td style=\"text-align: left; vertical-align: middle;\">importantes<\/td>\n<td style=\"text-align: left; vertical-align: middle;\">pour<\/td>\n<td style=\"text-align: left; vertical-align: middle;\">notre<\/td>\n<td style=\"text-align: left; vertical-align: middle;\">vie.<\/td>\n<\/tr>\n<tr>\n<td style=\"text-align: center; vertical-align: middle;\"><img loading=\"lazy\" decoding=\"async\" class=\"alignleft wp-image-853\" src=\"https:\/\/dossenberger.de\/wp-content\/uploads\/2015\/12\/Spanien_klein.jpg\" alt=\"Spanien_klein\" width=\"48\" height=\"32\" \/><\/td>\n<td style=\"text-align: left; vertical-align: middle;\">Las lenguas<\/td>\n<td style=\"text-align: left; vertical-align: middle;\">son<\/td>\n<td style=\"text-align: left; vertical-align: middle;\">importantes<\/td>\n<td style=\"text-align: left; vertical-align: middle;\">para<\/td>\n<td style=\"text-align: left; vertical-align: middle;\">nuestra<\/td>\n<td style=\"text-align: left; vertical-align: middle;\">vida.<\/td>\n<\/tr>\n<tr>\n<td style=\"text-align: center; vertical-align: middle;\"><img loading=\"lazy\" decoding=\"async\" class=\"alignleft wp-image-854\" src=\"https:\/\/dossenberger.de\/wp-content\/uploads\/2015\/12\/Italien_klein.jpg\" alt=\"Italien_klein\" width=\"49\" height=\"33\" \/><\/td>\n<td style=\"text-align: left; vertical-align: middle;\">Le lingue<\/td>\n<td style=\"text-align: left; vertical-align: middle;\">sono<\/td>\n<td style=\"text-align: left; vertical-align: middle;\">importanti<\/td>\n<td style=\"text-align: left; vertical-align: middle;\">per<\/td>\n<td style=\"text-align: left; vertical-align: middle;\">la nostra<\/td>\n<td style=\"text-align: left; vertical-align: middle;\">vita.<\/td>\n<\/tr>\n<\/tbody>\n<\/table>\n<p>&nbsp;<\/p>\n<table>\n<tbody>\n<tr>\n<td style=\"text-align: left; vertical-align: top;\"><strong>Unterrichtsziel<\/strong><\/p>\n<ul>\n<li>Allgemeine Kommunikationsf\u00e4higkeit (\u00fcber Alltagssituationen hinaus) in den vier Kompetenzen: Sprechen, H\u00f6ren, Lesen und Schreiben<\/li>\n<li>Vertiefung der Allgemeinbildung:<br \/>\nKenntnisse in Geschichte, Geographie, Politik, Kultur und Auseinandersetzung mit aktuellen gesellschaftlichen Ereignissen<\/li>\n<li>Ausbau der interkulturellen Kompetenz<\/li>\n<\/ul>\n<\/td>\n<td style=\"text-align: left; vertical-align: top;\"><img loading=\"lazy\" decoding=\"async\" class=\"alignright wp-image-859\" src=\"https:\/\/dossenberger.de\/wp-content\/uploads\/2015\/12\/cola.jpg\" alt=\"cola\" width=\"143\" height=\"180\" srcset=\"https:\/\/dossenberger.de\/wp-content\/uploads\/2015\/12\/cola.jpg 267w, https:\/\/dossenberger.de\/wp-content\/uploads\/2015\/12\/cola-238x300.jpg 238w\" sizes=\"auto, (max-width: 143px) 100vw, 143px\" \/><\/td>\n<\/tr>\n<tr>\n<td style=\"text-align: left; vertical-align: top;\"><strong>Unterrichtsinhalte<\/strong><\/p>\n<ul>\n<li>Kommunikativer Unterricht (m\u00fcndlich und schriftlicher Sprachgebrauch)<\/li>\n<li>Landeskunde und interkulturelles Wissen<\/li>\n<li>Authentische Begegnungen \u00fcber das Lehrbuch hinaus (Recherchen, Materialien, Sch\u00fcleraustausch)<\/li>\n<\/ul>\n<\/td>\n<td style=\"text-align: left; vertical-align: top;\"><img loading=\"lazy\" decoding=\"async\" class=\"alignright wp-image-860\" src=\"https:\/\/dossenberger.de\/wp-content\/uploads\/2015\/12\/comic.jpg\" alt=\"comic\" width=\"190\" height=\"159\" \/><\/td>\n<\/tr>\n<tr>\n<td style=\"text-align: left; vertical-align: top;\"><strong>Unterrichtsmethoden<\/strong><\/p>\n<ul>\n<li>Unterricht fast ausschlie\u00dflich in der Fremdsprache<\/li>\n<li>Eigenst\u00e4ndiges Erschlie\u00dfen von Grammatikph\u00e4nomenen aus den Texten (Transfer aus bisherigen Fremdsprachen)<\/li>\n<li>Sch\u00fclerorientierte, lebensweltnahe Aufgaben<\/li>\n<li>Vermittlung eigenst\u00e4ndigen Lernens<\/li>\n<li>Handlungsorientierter Unterricht ist uns wichtig und sichert nachhaltige Lerneindr\u00fccke<\/li>\n<\/ul>\n<\/td>\n<td style=\"text-align: left; vertical-align: top;\"><img loading=\"lazy\" decoding=\"async\" class=\"alignright wp-image-861\" src=\"https:\/\/dossenberger.de\/wp-content\/uploads\/2015\/12\/schild.jpg\" alt=\"schild\" width=\"182\" height=\"138\" srcset=\"https:\/\/dossenberger.de\/wp-content\/uploads\/2015\/12\/schild.jpg 388w, https:\/\/dossenberger.de\/wp-content\/uploads\/2015\/12\/schild-300x228.jpg 300w\" sizes=\"auto, (max-width: 182px) 100vw, 182px\" \/><\/td>\n<\/tr>\n<\/tbody>\n<\/table>\n<table>\n<tbody>\n<tr>\n<td><img loading=\"lazy\" decoding=\"async\" class=\"alignleft wp-image-870\" src=\"https:\/\/dossenberger.de\/wp-content\/uploads\/2015\/12\/Almercato.jpg\" alt=\"Al+mercato\" width=\"211\" height=\"158\" srcset=\"https:\/\/dossenberger.de\/wp-content\/uploads\/2015\/12\/Almercato.jpg 640w, https:\/\/dossenberger.de\/wp-content\/uploads\/2015\/12\/Almercato-300x225.jpg 300w\" sizes=\"auto, (max-width: 211px) 100vw, 211px\" \/><\/td>\n<td><img loading=\"lazy\" decoding=\"async\" class=\"alignleft wp-image-871\" src=\"https:\/\/dossenberger.de\/wp-content\/uploads\/2015\/12\/Alristorante.jpg\" alt=\"Al+ristorante\" width=\"211\" height=\"158\" srcset=\"https:\/\/dossenberger.de\/wp-content\/uploads\/2015\/12\/Alristorante.jpg 640w, https:\/\/dossenberger.de\/wp-content\/uploads\/2015\/12\/Alristorante-300x225.jpg 300w\" sizes=\"auto, (max-width: 211px) 100vw, 211px\" \/><\/td>\n<\/tr>\n<tr>\n<td>Al mercato<\/td>\n<td>Al ristorante<\/td>\n<\/tr>\n<\/tbody>\n<\/table>\n<table>\n<tbody>\n<tr>\n<td><img loading=\"lazy\" decoding=\"async\" class=\"alignleft wp-image-873\" src=\"https:\/\/dossenberger.de\/wp-content\/uploads\/2015\/12\/Chebellamaglia.jpg\" alt=\"Che+bella+maglia\" width=\"211\" height=\"158\" srcset=\"https:\/\/dossenberger.de\/wp-content\/uploads\/2015\/12\/Chebellamaglia.jpg 640w, https:\/\/dossenberger.de\/wp-content\/uploads\/2015\/12\/Chebellamaglia-300x225.jpg 300w\" sizes=\"auto, (max-width: 211px) 100vw, 211px\" \/><\/td>\n<td><img loading=\"lazy\" decoding=\"async\" class=\"alignleft wp-image-874\" src=\"https:\/\/dossenberger.de\/wp-content\/uploads\/2015\/12\/Compriamovestiti.jpg\" alt=\"Compriamo+vestiti\" width=\"200\" height=\"150\" srcset=\"https:\/\/dossenberger.de\/wp-content\/uploads\/2015\/12\/Compriamovestiti.jpg 640w, https:\/\/dossenberger.de\/wp-content\/uploads\/2015\/12\/Compriamovestiti-300x225.jpg 300w\" sizes=\"auto, (max-width: 200px) 100vw, 200px\" \/><\/td>\n<\/tr>\n<tr>\n<td>Che bella maglia<\/td>\n<td>Compriamo vestiti<\/td>\n<\/tr>\n<\/tbody>\n<\/table>\n<p>Wer es noch genauer wissen m\u00f6chte und noch Frage zu den\u00a0 Lehrpl\u00e4nen hat, findet die konkreten Inhalte auf folgenden Seiten wieder:<\/p>\n<ul>\n<li><a href=\"http:\/\/www.isb-gym8-lehrplan.de\/contentserv\/3.1.neu\/g8.de\/index.php?StoryID=26794\" target=\"_blank\">Lehrplan Italienisch sp\u00e4teinsetzend<\/a><\/li>\n<\/ul>\n<p><em>Elisabeth Brosig<\/em><\/p>\n","protected":false},"excerpt":{"rendered":"<p>Seit dem Schuljahr 2010\/11 bietet das Dossenberger-Gymnasium G\u00fcnzburg mit Italienisch eine weitere moderne Fremdsprache an. Die Sch\u00fclerinnen und Sch\u00fcler k\u00f6nnen<\/p>\n","protected":false},"author":1,"featured_media":0,"parent":424,"menu_order":0,"comment_status":"closed","ping_status":"closed","template":"","meta":{"colormag_page_container_layout":"default_layout","colormag_page_sidebar_layout":"default_layout","ngg_post_thumbnail":0,"_price":"","_stock":"","_tribe_ticket_header":"","_tribe_default_ticket_provider":"","_tribe_ticket_capacity":"0","_ticket_start_date":"","_ticket_end_date":"","_tribe_ticket_show_description":"","_tribe_ticket_show_not_going":false,"_tribe_ticket_use_global_stock":"","_tribe_ticket_global_stock_level":"","_global_stock_mode":"","_global_stock_cap":"","_tribe_rsvp_for_event":"","_tribe_ticket_going_count":"","_tribe_ticket_not_going_count":"","_tribe_tickets_list":"[]","_tribe_ticket_has_attendee_info_fields":false,"footnotes":"","_tec_slr_enabled":"","_tec_slr_layout":""},"class_list":["post-843","page","type-page","status-publish","hentry"],"ticketed":false,"_links":{"self":[{"href":"https:\/\/dossenberger.de\/index.php?rest_route=\/wp\/v2\/pages\/843","targetHints":{"allow":["GET"]}}],"collection":[{"href":"https:\/\/dossenberger.de\/index.php?rest_route=\/wp\/v2\/pages"}],"about":[{"href":"https:\/\/dossenberger.de\/index.php?rest_route=\/wp\/v2\/types\/page"}],"author":[{"embeddable":true,"href":"https:\/\/dossenberger.de\/index.php?rest_route=\/wp\/v2\/users\/1"}],"replies":[{"embeddable":true,"href":"https:\/\/dossenberger.de\/index.php?rest_route=%2Fwp%2Fv2%2Fcomments&post=843"}],"version-history":[{"count":18,"href":"https:\/\/dossenberger.de\/index.php?rest_route=\/wp\/v2\/pages\/843\/revisions"}],"predecessor-version":[{"id":876,"href":"https:\/\/dossenberger.de\/index.php?rest_route=\/wp\/v2\/pages\/843\/revisions\/876"}],"up":[{"embeddable":true,"href":"https:\/\/dossenberger.de\/index.php?rest_route=\/wp\/v2\/pages\/424"}],"wp:attachment":[{"href":"https:\/\/dossenberger.de\/index.php?rest_route=%2Fwp%2Fv2%2Fmedia&parent=843"}],"curies":[{"name":"wp","href":"https:\/\/api.w.org\/{rel}","templated":true}]}}